{"id":1331,"date":"2021-04-02T15:47:01","date_gmt":"2021-04-02T13:47:01","guid":{"rendered":"https:\/\/next.chemin-neuf.be\/qui-sommes-nous\/vie-consacree\/"},"modified":"2021-05-08T11:23:29","modified_gmt":"2021-05-08T09:23:29","slug":"vie-consacree","status":"publish","type":"page","link":"https:\/\/test.chemin-neuf.mu\/fr\/qui-sommes-nous\/vie-consacree\/","title":{"rendered":"Vie Consacr\u00e9e"},"content":{"rendered":"\n<h3 class=\"has-text-align-center wp-block-heading\"><strong>Fr\u00e8res &amp; Soeurs consacr\u00e9es<\/strong><\/h3>\n\n\n\n<blockquote class=\"wp-block-quote is-layout-flow wp-block-quote-is-layout-flow\"><p><em>C\u2019est l\u2019Esprit qui suscite le d\u00e9sir d\u2019une r\u00e9ponse totale ; c\u2019est lui qui accompagne la croissance de ce d\u00e9sir, portant \u00e0 son terme la r\u00e9ponse affirmative et soutenant ensuite son ex\u00e9cution fid\u00e8le ; c\u2019est lui qui forme et fa\u00e7onne l\u2019esprit de ceux qui sont appel\u00e9s, en les configurant au Christ chaste, pauvre et ob\u00e9issant, et en les poussant \u00e0 faire leur sa mission. \u00bb<\/em><\/p><cite>Jean-Paul II, Vita Consecrata, n\u00b019<\/cite><\/blockquote>\n\n\n\n<div class=\"wp-block-columns is-layout-flex wp-container-core-columns-is-layout-9d6595d7 wp-block-columns-is-layout-flex\">\n<div class=\"wp-block-column is-layout-flow wp-block-column-is-layout-flow\">\n<figure class=\"wp-block-gallery columns-2 is-cropped wp-block-gallery-1 is-layout-flex wp-block-gallery-is-layout-flex\"><ul class=\"blocks-gallery-grid\"><li class=\"blocks-gallery-item\"><figure><img decoding=\"async\" src=\"https:\/\/chemin-neuf.fr\/wp-content\/uploads\/2021\/04\/carre-vie-consacre-22.jpg\" alt=\"\" data-id=\"6684\" data-full-url=\"https:\/\/chemin-neuf.fr\/wp-content\/uploads\/2021\/04\/carre-vie-consacre-22.jpg\" data-link=\"https:\/\/chemin-neuf.fr\/qui-sommes-nous\/vie-consacree\/carre-vie-consacre-22\/\" class=\"wp-image-6684\"\/><\/figure><\/li><li class=\"blocks-gallery-item\"><figure><img decoding=\"async\" src=\"https:\/\/chemin-neuf.fr\/wp-content\/uploads\/2021\/04\/carre-vie-consacre-19.jpg\" alt=\"\" data-id=\"6685\" data-full-url=\"https:\/\/chemin-neuf.fr\/wp-content\/uploads\/2021\/04\/carre-vie-consacre-19.jpg\" data-link=\"https:\/\/chemin-neuf.fr\/qui-sommes-nous\/vie-consacree\/carre-vie-consacre-19\/\" class=\"wp-image-6685\"\/><\/figure><\/li><li class=\"blocks-gallery-item\"><figure><img decoding=\"async\" src=\"https:\/\/chemin-neuf.fr\/wp-content\/uploads\/2021\/04\/carre-vie-consacre-18.jpg\" alt=\"\" data-id=\"6686\" data-full-url=\"https:\/\/chemin-neuf.fr\/wp-content\/uploads\/2021\/04\/carre-vie-consacre-18.jpg\" data-link=\"https:\/\/chemin-neuf.fr\/qui-sommes-nous\/vie-consacree\/carre-vie-consacre-18\/\" class=\"wp-image-6686\"\/><\/figure><\/li><li class=\"blocks-gallery-item\"><figure><img decoding=\"async\" src=\"https:\/\/chemin-neuf.fr\/wp-content\/uploads\/2021\/04\/carre-vie-consacre-16.jpg\" alt=\"\" data-id=\"6687\" data-full-url=\"https:\/\/chemin-neuf.fr\/wp-content\/uploads\/2021\/04\/carre-vie-consacre-16.jpg\" data-link=\"https:\/\/chemin-neuf.fr\/qui-sommes-nous\/vie-consacree\/carre-vie-consacre-16\/\" class=\"wp-image-6687\"\/><\/figure><\/li><\/ul><\/figure>\n<\/div>\n\n\n\n<div class=\"wp-block-column is-vertically-aligned-center is-layout-flow wp-block-column-is-layout-flow\">\n<h4 class=\"wp-block-heading\"><strong>Engag\u00e9s pour le Royaume<\/strong><\/h4>\n\n\n\n<p style=\"line-height:1.6\">Au c\u0153ur de la Communaut\u00e9 du Chemin Neuf, les fr\u00e8res et s\u0153urs engag\u00e9s dans le c\u00e9libat pour le Royaume manifestent par leur cons\u00e9cration un appel sp\u00e9cifique du Seigneur.&nbsp; \u00ab&nbsp;Signe lumineux&nbsp;\u00bb dans l\u2019\u00c9glise, ils sont le signe avant-coureur du R\u00e8gne qui vient. Actuellement au nombre de 400 (180 hommes et 220 femmes*)&nbsp; leur appel r\u00e9v\u00e8le et repr\u00e9sente au milieu de la Communaut\u00e9 la nature la plus int\u00e9rieure de la vocation chr\u00e9tienne et l\u2019aspiration de toute l\u2019\u00c9glise&nbsp;: suivre J\u00e9sus et \u00eatre uni \u00e0 lui.<\/p>\n\n\n\n<p style=\"line-height:1.6\">Les fr\u00e8res et s\u0153urs engag\u00e9s dans le c\u00e9libat vivent au c\u0153ur de la Communaut\u00e9 et partagent la vie apostolique et missionnaire en lien avec les couples et les familles. Ils suivent les Constitutions de l\u2019Institut religieux du Chemin Neuf, \u00e9rig\u00e9 en 1992 par le Cardinal Decourtray puis reconnu de droit Pontifical en 2009.&nbsp;&nbsp; \u00ab&nbsp;Religieux, nous nous engageons par les v\u0153ux publics de chastet\u00e9, pauvret\u00e9 et ob\u00e9issance \u00e0 vivre en communion avec le Christ dans une communaut\u00e9 apostolique au service de l\u2019Unit\u00e9 de l\u2019\u00e9glise et au service des hommes, en particulier des plus pauvres.&nbsp;\u00bb&nbsp;<\/p>\n<\/div>\n<\/div>\n\n\n\n<div class=\"wp-block-columns are-vertically-aligned-center is-layout-flex wp-container-core-columns-is-layout-9d6595d7 wp-block-columns-is-layout-flex\">\n<div class=\"wp-block-column is-vertically-aligned-center is-layout-flow wp-block-column-is-layout-flow\">\n<h4 class=\"wp-block-heading\"><strong>Consacr\u00e9s \u00e0 Dieu<\/strong><\/h4>\n\n\n\n<p style=\"line-height:1.6\">Consacr\u00e9s \u00e0 Dieu dans le c\u00e9libat, les fr\u00e8res et s\u0153urs religieux veulent \u00eatre des hommes et des femmes pour les autres, libres dans les relations et disponibles dans la communion avec tous.&nbsp; Ne poss\u00e9dant rien, partageant tout, ils vivent une parabole du partage dans le concret d\u2019une vie mettant sa s\u00e9curit\u00e9 dans la Providence. Libres par le v\u0153u d\u2019ob\u00e9issance, en \u00e9tant disponibles pour toute mission, ils se mettent ensemble au service de l\u2019\u00c9vangile.<\/p>\n\n\n\n<p style=\"line-height:1.6\">Un soin particulier est apport\u00e9 \u00e0 leur formation initiale et continue. Le noviciat de l\u2019Institut se trouve actuellement \u00e0 l\u2019Abbaye de Melleray (dioc\u00e8se de Nantes). &nbsp;Dans leurs premi\u00e8res ann\u00e9es tous les c\u00e9libataires consacr\u00e9s, hommes et femmes, b\u00e9n\u00e9ficient d\u2019un cursus approfondi d\u2019\u00e9tudes philosophiques et th\u00e9ologiques en lien avec diff\u00e9rentes facult\u00e9s de th\u00e9ologie (Paris, Lyon, Rome, Kinshasa, Fribourg etc..). Tout le long de leur vie, des temps de formation et de retraite aident \u00e0 fortifier leur amour pour le Seigneur et leur ardeur apostolique. Lors de l\u2019engagement \u00e0 vie (apr\u00e8s les ann\u00e9es de profession temporaire), celui qui s\u2019engage dit&nbsp;: \u00ab&nbsp;je d\u00e9sire donner ma vie pour l\u2019unit\u00e9 de l\u2019\u00c9glise&nbsp;\u00bb. Nous croyons que cette offrande exprime le c\u0153ur de notre appel commun et un des aspects sp\u00e9cifiques de notre vie religieuse.<\/p>\n<\/div>\n\n\n\n<div class=\"wp-block-column is-vertically-aligned-center is-layout-flow wp-block-column-is-layout-flow\">\n<figure class=\"wp-block-gallery columns-2 is-cropped wp-block-gallery-2 is-layout-flex wp-block-gallery-is-layout-flex\"><ul class=\"blocks-gallery-grid\"><li class=\"blocks-gallery-item\"><figure><img decoding=\"async\" src=\"https:\/\/chemin-neuf.fr\/wp-content\/uploads\/2021\/04\/carre-vie-consacre-5.jpg\" alt=\"\" data-id=\"6683\" data-full-url=\"https:\/\/chemin-neuf.fr\/wp-content\/uploads\/2021\/04\/carre-vie-consacre-5.jpg\" data-link=\"https:\/\/chemin-neuf.fr\/qui-sommes-nous\/vie-consacree\/carre-vie-consacre-5\/\" class=\"wp-image-6683\"\/><\/figure><\/li><li class=\"blocks-gallery-item\"><figure><img decoding=\"async\" src=\"https:\/\/chemin-neuf.fr\/wp-content\/uploads\/2021\/04\/carre-vie-consacre-6.jpg\" alt=\"\" data-id=\"6682\" data-full-url=\"https:\/\/chemin-neuf.fr\/wp-content\/uploads\/2021\/04\/carre-vie-consacre-6.jpg\" data-link=\"https:\/\/chemin-neuf.fr\/qui-sommes-nous\/vie-consacree\/carre-vie-consacre-6\/\" class=\"wp-image-6682\"\/><\/figure><\/li><li class=\"blocks-gallery-item\"><figure><img decoding=\"async\" src=\"https:\/\/chemin-neuf.fr\/wp-content\/uploads\/2021\/04\/carre-vie-consacre-9.jpg\" alt=\"\" data-id=\"6681\" data-full-url=\"https:\/\/chemin-neuf.fr\/wp-content\/uploads\/2021\/04\/carre-vie-consacre-9.jpg\" data-link=\"https:\/\/chemin-neuf.fr\/qui-sommes-nous\/vie-consacree\/carre-vie-consacre-9\/\" class=\"wp-image-6681\"\/><\/figure><\/li><li class=\"blocks-gallery-item\"><figure><img decoding=\"async\" src=\"https:\/\/chemin-neuf.fr\/wp-content\/uploads\/2021\/04\/carre-vie-consacre-3.jpg\" alt=\"\" data-id=\"6680\" data-full-url=\"https:\/\/chemin-neuf.fr\/wp-content\/uploads\/2021\/04\/carre-vie-consacre-3.jpg\" data-link=\"https:\/\/chemin-neuf.fr\/qui-sommes-nous\/vie-consacree\/carre-vie-consacre-3\/\" class=\"wp-image-6680\"\/><\/figure><\/li><\/ul><\/figure>\n<\/div>\n<\/div>\n\n\n\n<div class=\"wp-block-columns is-layout-flex wp-container-core-columns-is-layout-9d6595d7 wp-block-columns-is-layout-flex\">\n<div class=\"wp-block-column is-layout-flow wp-block-column-is-layout-flow\">\n<figure class=\"wp-block-gallery columns-2 is-cropped wp-block-gallery-3 is-layout-flex wp-block-gallery-is-layout-flex\"><ul class=\"blocks-gallery-grid\"><li class=\"blocks-gallery-item\"><figure><img decoding=\"async\" src=\"https:\/\/chemin-neuf.fr\/wp-content\/uploads\/2021\/04\/carre-vie-consacre-11.jpg\" alt=\"\" data-id=\"6689\" data-full-url=\"https:\/\/chemin-neuf.fr\/wp-content\/uploads\/2021\/04\/carre-vie-consacre-11.jpg\" data-link=\"https:\/\/chemin-neuf.fr\/qui-sommes-nous\/vie-consacree\/carre-vie-consacre-11\/\" class=\"wp-image-6689\"\/><\/figure><\/li><li class=\"blocks-gallery-item\"><figure><img decoding=\"async\" src=\"https:\/\/chemin-neuf.fr\/wp-content\/uploads\/2021\/04\/carre-vie-consacre-13.jpg\" alt=\"\" data-id=\"6688\" data-full-url=\"https:\/\/chemin-neuf.fr\/wp-content\/uploads\/2021\/04\/carre-vie-consacre-13.jpg\" data-link=\"https:\/\/chemin-neuf.fr\/qui-sommes-nous\/vie-consacree\/carre-vie-consacre-13\/\" class=\"wp-image-6688\"\/><\/figure><\/li><li class=\"blocks-gallery-item\"><figure><img decoding=\"async\" src=\"https:\/\/chemin-neuf.fr\/wp-content\/uploads\/2021\/04\/carre-vie-consacre-8.jpg\" alt=\"\" data-id=\"6694\" data-full-url=\"https:\/\/chemin-neuf.fr\/wp-content\/uploads\/2021\/04\/carre-vie-consacre-8.jpg\" data-link=\"https:\/\/chemin-neuf.fr\/carre-vie-consacre-8\/\" class=\"wp-image-6694\"\/><\/figure><\/li><li class=\"blocks-gallery-item\"><figure><img decoding=\"async\" src=\"https:\/\/chemin-neuf.fr\/wp-content\/uploads\/2021\/04\/carre-vie-consacre-10.jpg\" alt=\"\" data-id=\"6696\" data-full-url=\"https:\/\/chemin-neuf.fr\/wp-content\/uploads\/2021\/04\/carre-vie-consacre-10.jpg\" data-link=\"https:\/\/chemin-neuf.fr\/carre-vie-consacre-10\/\" class=\"wp-image-6696\"\/><\/figure><\/li><\/ul><\/figure>\n<\/div>\n\n\n\n<div class=\"wp-block-column is-vertically-aligned-center is-layout-flow wp-block-column-is-layout-flow\">\n<h4 class=\"wp-block-heading\"><strong>Enracin\u00e9s et \u00e9difi\u00e9s en Lui<\/strong><\/h4>\n\n\n\n<p style=\"line-height:1.6\">L\u2019accompagnement spirituel r\u00e9gulier permet \u00e0 chacun de grandir dans la libert\u00e9 et le discernement des esprits. De m\u00eame, la vie fraternelle et le partage hebdomadaire en fraternit\u00e9 offrent un lieu d\u2019\u00e9coute, d\u2019humilit\u00e9 et d\u2019apprentissage du discernement communautaire.<br><\/p>\n\n\n\n<p style=\"line-height:1.6\">La vie de pri\u00e8re alterne l\u2019eucharistie quotidienne, les offices de la liturgie des heures (offices des Laudes et des V\u00eapres chant\u00e9s ensemble dans nos maisons), la pri\u00e8re personnelle (oraison le matin et adoration en fin d\u2019apr\u00e8s-midi) et la pri\u00e8re communautaire charismatique (le groupe de pri\u00e8re le mardi soir).&nbsp;<\/p>\n\n\n\n<p class=\"has-medium-font-size\">&#8220;<strong>La saintet\u00e9 est ton chemin&#8221; Ps 76,14<\/strong><\/p>\n<\/div>\n<\/div>\n\n\n\n<div class=\"wp-block-columns are-vertically-aligned-center is-layout-flex wp-container-core-columns-is-layout-9d6595d7 wp-block-columns-is-layout-flex\">\n<div class=\"wp-block-column is-vertically-aligned-center is-layout-flow wp-block-column-is-layout-flow\">\n<h4 class=\"wp-block-heading\"><strong>Consacr\u00e9s au service de l\u2019\u00c9vangile<\/strong><\/h4>\n\n\n\n<p style=\"line-height:1.6\">Parmi les fr\u00e8res, ceux qui sont appel\u00e9s \u00e0 \u00eatre ordonn\u00e9s pr\u00eatres sont incardin\u00e9s dans l\u2019Institut du Chemin Neuf.  En 2021, ils sont 120 pr\u00eatres et 50 fr\u00e8res en formation. Les pr\u00eatres exercent leur mission dans des minist\u00e8res vari\u00e9s en fonction des appels de l\u2019\u00c9glise et des missions de la communaut\u00e9 : paroisses (30 paroisses confi\u00e9s \u00e0 la communaut\u00e9), centres de formation, foyers d\u2019\u00e9tudiants, maisons de retraite et diverses missions aupr\u00e8s des jeunes, des couples, dans des \u00e9coles et aupr\u00e8s des plus pauvres\u2026 <\/p>\n\n\n\n<p style=\"line-height:1.6\">Fr\u00e8res et s\u0153urs engag\u00e9s dans le c\u00e9libat pour le Royaume nous sommes consacr\u00e9s au service de l\u2019\u00c9vangile. \u00ab&nbsp;Tu ne devras jamais oublier que J\u00e9sus est le fondement de notre Institut. C\u2019est Lui que tu as rencontr\u00e9 avant d\u2019entrer dans l\u2019Institut. C\u2019est Lui qui nous rassemble en communaut\u00e9 d\u2019\u00c9glise afin de faire de nous vraiment ses disciples. <\/p>\n\n\n\n<p class=\"has-medium-font-size\"><strong>C\u2019est \u00ab&nbsp;<em>en lui qu\u2019il nous faut marcher, enracin\u00e9s et \u00e9difi\u00e9s en Lui et d\u00e9bordant d\u2019action de gr\u00e2ces<\/em>&nbsp;\u00bb. Col 2,6-7 (Constitutions, n\u00b02).<\/strong><\/p>\n<\/div>\n\n\n\n<div class=\"wp-block-column is-vertically-aligned-center is-layout-flow wp-block-column-is-layout-flow\">\n<figure class=\"wp-block-gallery columns-2 is-cropped wp-block-gallery-4 is-layout-flex wp-block-gallery-is-layout-flex\"><ul class=\"blocks-gallery-grid\"><li class=\"blocks-gallery-item\"><figure><img decoding=\"async\" src=\"https:\/\/chemin-neuf.fr\/wp-content\/uploads\/2021\/04\/carre-vie-consacre-1.jpg\" alt=\"\" data-id=\"6679\" data-full-url=\"https:\/\/chemin-neuf.fr\/wp-content\/uploads\/2021\/04\/carre-vie-consacre-1.jpg\" data-link=\"https:\/\/chemin-neuf.fr\/qui-sommes-nous\/vie-consacree\/carre-vie-consacre-1\/\" class=\"wp-image-6679\"\/><\/figure><\/li><li class=\"blocks-gallery-item\"><figure><img decoding=\"async\" src=\"https:\/\/chemin-neuf.fr\/wp-content\/uploads\/2021\/04\/carre-vie-consacre-20.jpg\" alt=\"\" data-id=\"6678\" data-full-url=\"https:\/\/chemin-neuf.fr\/wp-content\/uploads\/2021\/04\/carre-vie-consacre-20.jpg\" data-link=\"https:\/\/chemin-neuf.fr\/qui-sommes-nous\/vie-consacree\/carre-vie-consacre-20\/\" class=\"wp-image-6678\"\/><\/figure><\/li><li class=\"blocks-gallery-item\"><figure><img decoding=\"async\" src=\"https:\/\/chemin-neuf.fr\/wp-content\/uploads\/2021\/04\/carre-vie-consacre-15.jpg\" alt=\"\" data-id=\"6677\" data-full-url=\"https:\/\/chemin-neuf.fr\/wp-content\/uploads\/2021\/04\/carre-vie-consacre-15.jpg\" data-link=\"https:\/\/chemin-neuf.fr\/qui-sommes-nous\/vie-consacree\/carre-vie-consacre-15\/\" class=\"wp-image-6677\"\/><\/figure><\/li><li class=\"blocks-gallery-item\"><figure><img decoding=\"async\" src=\"https:\/\/chemin-neuf.fr\/wp-content\/uploads\/2021\/04\/carre-vie-consacre-17.jpg\" alt=\"\" data-id=\"6676\" data-full-url=\"https:\/\/chemin-neuf.fr\/wp-content\/uploads\/2021\/04\/carre-vie-consacre-17.jpg\" data-link=\"https:\/\/chemin-neuf.fr\/qui-sommes-nous\/vie-consacree\/carre-vie-consacre-17\/\" class=\"wp-image-6676\"\/><\/figure><\/li><\/ul><\/figure>\n<\/div>\n<\/div>\n\n\n\n<figure class=\"wp-block-pullquote\"><blockquote><p>&#8220;<em>Il n&#8217;y a pas de plus grand amour que de donner sa vie pour ceux qu&#8217;on aime<\/em>.&#8221;<\/p><cite>Jean 15<\/cite><\/blockquote><\/figure>\n\n\n\n<figure class=\"wp-block-gallery columns-3 is-cropped wp-block-gallery-5 is-layout-flex wp-block-gallery-is-layout-flex\"><ul class=\"blocks-gallery-grid\"><li class=\"blocks-gallery-item\"><figure><img decoding=\"async\" src=\"https:\/\/chemin-neuf.fr\/wp-content\/uploads\/2020\/12\/carre-chanteur.jpg\" alt=\"\" data-id=\"2776\" data-full-url=\"https:\/\/chemin-neuf.fr\/wp-content\/uploads\/2020\/12\/carre-chanteur.jpg\" data-link=\"https:\/\/chemin-neuf.fr\/nos-propositions\/art-et-liturgie\/carre-chanteur\/\" class=\"wp-image-2776\"\/><\/figure><\/li><li class=\"blocks-gallery-item\"><figure><img decoding=\"async\" src=\"https:\/\/chemin-neuf.fr\/wp-content\/uploads\/2021\/02\/carre-engagement-a-vie.jpg\" alt=\"\" data-id=\"5586\" data-full-url=\"https:\/\/chemin-neuf.fr\/wp-content\/uploads\/2021\/02\/carre-engagement-a-vie.jpg\" data-link=\"https:\/\/chemin-neuf.fr\/carre-engagement-a-vie\/\" class=\"wp-image-5586\"\/><\/figure><\/li><li class=\"blocks-gallery-item\"><figure><img decoding=\"async\" src=\"https:\/\/chemin-neuf.fr\/wp-content\/uploads\/2020\/11\/carre-ccn-soeurs.jpg\" alt=\"\" data-id=\"1399\" data-full-url=\"https:\/\/chemin-neuf.fr\/wp-content\/uploads\/2020\/11\/carre-ccn-soeurs.jpg\" data-link=\"https:\/\/chemin-neuf.fr\/qui-sommes-nous\/la-communaute\/carre-ccn-soeurs\/\" class=\"wp-image-1399\"\/><\/figure><\/li><\/ul><\/figure>\n\n\n\n<h3 class=\"wp-block-heading\">Institut du chemin neuf<\/h3>\n\n\n\n<p><strong>Le 24 juin 1992<\/strong>, l\u2019Institut du Chemin Neuf a \u00e9t\u00e9 \u00e9rig\u00e9, pour les pr\u00eatres et les religieux, en Institut Religieux Cl\u00e9rical de Droit Dioc\u00e9sain par le Cardinal Albert Decourtray, Archev\u00eaque de Lyon.<\/p>\n\n\n\n<p><strong>Le 14 septembre 2009<\/strong>, l\u2019Institut du Chemin Neuf a \u00e9t\u00e9 reconnu comme Institut Religieux Cl\u00e9rical de Droit Pontifical par le Cardinal Franc Rod\u00e9, Pr\u00e9fet de la Congr\u00e9gation pour les Instituts de Vie Consacr\u00e9e et les Soci\u00e9t\u00e9s de Vie Apostolique, au Vatican, Rome.<\/p>\n\n\n\n<figure class=\"wp-block-gallery columns-3 is-cropped wp-block-gallery-6 is-layout-flex wp-block-gallery-is-layout-flex\"><ul class=\"blocks-gallery-grid\"><li class=\"blocks-gallery-item\"><figure><img decoding=\"async\" src=\"https:\/\/chemin-neuf.fr\/wp-content\/uploads\/2021\/02\/carre-zrg-stephan-lange.jpg\" alt=\"\" data-id=\"5272\" data-full-url=\"https:\/\/chemin-neuf.fr\/wp-content\/uploads\/2021\/02\/carre-zrg-stephan-lange.jpg\" data-link=\"https:\/\/chemin-neuf.fr\/qui-sommes-nous\/la-communaute\/carre-zrg-stephan-lange\/\" class=\"wp-image-5272\"\/><\/figure><\/li><li class=\"blocks-gallery-item\"><figure><img decoding=\"async\" src=\"https:\/\/chemin-neuf.fr\/wp-content\/uploads\/2020\/06\/fm.jpg\" alt=\"\" data-id=\"1972\" data-full-url=\"https:\/\/chemin-neuf.fr\/wp-content\/uploads\/2020\/06\/fm.jpg\" data-link=\"https:\/\/chemin-neuf.fr\/fm\/\" class=\"wp-image-1972\"\/><\/figure><\/li><li class=\"blocks-gallery-item\"><figure><img decoding=\"async\" src=\"https:\/\/chemin-neuf.fr\/wp-content\/uploads\/2020\/10\/carre-adoration.jpg\" alt=\"\" data-id=\"969\" data-full-url=\"https:\/\/chemin-neuf.fr\/wp-content\/uploads\/2020\/10\/carre-adoration.jpg\" data-link=\"https:\/\/chemin-neuf.fr\/lieu\/lyon-h4\/carre-adoration\/\" class=\"wp-image-969\"\/><\/figure><\/li><\/ul><\/figure>\n\n\n\n<h3 class=\"wp-block-heading\">Noviciat \u00e0 l&#8217;Abbaye de Melleraye<\/h3>\n\n\n\n<p>D\u00e9couvrez le noviciat de la Communaut\u00e9 du Chemin Neuf au travers de cette petite video<\/p>\n\n\n\n<figure class=\"wp-block-embed is-type-video is-provider-youtube wp-block-embed-youtube wp-embed-aspect-16-9 wp-has-aspect-ratio\"><div class=\"wp-block-embed__wrapper\">\n<iframe loading=\"lazy\" title=\"Le Noviciat dans la Communaut\u00e9 du Chemin Neuf\" width=\"500\" height=\"281\" src=\"https:\/\/www.youtube.com\/embed\/teBIyMxDn2Y?feature=oembed\" frameborder=\"0\" allow=\"accelerometer; autoplay; clipboard-write; encrypted-media; gyroscope; picture-in-picture; web-share\" referrerpolicy=\"strict-origin-when-cross-origin\" allowfullscreen><\/iframe>\n<\/div><\/figure>\n\n\n\n<h3 class=\"wp-block-heading\">Messe d&#8217;engagements \u00e0 vie<\/h3>\n\n\n\n<p>Vid\u00e9o des engagements \u00e0 vie dans la  Communaut\u00e9 de S\u0153ur St\u00e9phanie, Fr\u00e8re \u00c1ron et Fr\u00e8re Damien. 23 juin 2018<\/p>\n\n\n\n<figure class=\"wp-block-embed is-type-video is-provider-youtube wp-block-embed-youtube wp-embed-aspect-16-9 wp-has-aspect-ratio\"><div class=\"wp-block-embed__wrapper\">\n<iframe loading=\"lazy\" title=\"C\u00e9l\u00e9bration des engagements \u00e0 vie dans la Communaut\u00e9 du Chemin Neuf - 23 juin 2018\" width=\"500\" height=\"281\" src=\"https:\/\/www.youtube.com\/embed\/K1Bdii9gXyk?feature=oembed\" frameborder=\"0\" allow=\"accelerometer; autoplay; clipboard-write; encrypted-media; gyroscope; picture-in-picture; web-share\" referrerpolicy=\"strict-origin-when-cross-origin\" allowfullscreen><\/iframe>\n<\/div><\/figure>\n","protected":false},"excerpt":{"rendered":"<p>Fr\u00e8res &amp; Soeurs consacr\u00e9es C\u2019est l\u2019Esprit qui suscite le d\u00e9sir d\u2019une r\u00e9ponse totale ; c\u2019est lui qui accompagne la croissance de ce d\u00e9sir, portant \u00e0 son terme la r\u00e9ponse affirmative et soutenant ensuite son ex\u00e9cution fid\u00e8le ; c\u2019est lui qui forme et fa\u00e7onne l\u2019esprit de ceux qui sont appel\u00e9s, en les configurant au Christ chaste, [&hellip;]<\/p>\n","protected":false},"author":1,"featured_media":1602,"parent":12,"menu_order":4,"comment_status":"closed","ping_status":"closed","template":"","meta":{"_acf_changed":false,"footnotes":""},"class_list":["post-1331","page","type-page","status-publish","has-post-thumbnail","hentry"],"acf":[],"yoast_head":"<!-- This site is optimized with the Yoast SEO plugin v27.5 - https:\/\/yoast.com\/product\/yoast-seo-wordpress\/ -->\n<title>Vie Consacr\u00e9e - Test Pays<\/title>\n<meta name=\"description\" content=\"Fr\u00e8res &amp; Soeurs consacr\u00e9es C\u2019est l\u2019Esprit qui suscite le d\u00e9sir d\u2019une r\u00e9ponse totale ; c\u2019est lui qui accompagne la croissance de ce d\u00e9sir, portant \u00e0\" \/>\n<meta name=\"robots\" content=\"noindex, follow, max-snippet:-1, max-image-preview:large, max-video-preview:-1\" \/>\n<meta property=\"og:locale\" content=\"fr_FR\" \/>\n<meta property=\"og:type\" content=\"article\" \/>\n<meta property=\"og:title\" content=\"Vie Consacr\u00e9e - Test Pays\" \/>\n<meta property=\"og:description\" content=\"Fr\u00e8res &amp; Soeurs consacr\u00e9es C\u2019est l\u2019Esprit qui suscite le d\u00e9sir d\u2019une r\u00e9ponse totale ; c\u2019est lui qui accompagne la croissance de ce d\u00e9sir, portant \u00e0\" \/>\n<meta property=\"og:url\" content=\"https:\/\/test.chemin-neuf.mu\/fr\/qui-sommes-nous\/vie-consacree\/\" \/>\n<meta property=\"og:site_name\" content=\"Test Pays\" \/>\n<meta property=\"article:modified_time\" content=\"2021-05-08T09:23:29+00:00\" \/>\n<meta property=\"og:image\" content=\"https:\/\/test.chemin-neuf.mu\/wp-content\/uploads\/2021\/04\/chemin-neuf-vie-consacree.jpeg\" \/>\n\t<meta property=\"og:image:width\" content=\"2048\" \/>\n\t<meta property=\"og:image:height\" content=\"1366\" \/>\n\t<meta property=\"og:image:type\" content=\"image\/jpeg\" \/>\n<meta name=\"twitter:card\" content=\"summary_large_image\" \/>\n<meta name=\"twitter:label1\" content=\"Est. reading time\" \/>\n\t<meta name=\"twitter:data1\" content=\"9 minutes\" \/>\n<script type=\"application\/ld+json\" class=\"yoast-schema-graph\">{\"@context\":\"https:\\\/\\\/schema.org\",\"@graph\":[{\"@type\":\"WebPage\",\"@id\":\"https:\\\/\\\/test.chemin-neuf.mu\\\/fr\\\/qui-sommes-nous\\\/vie-consacree\\\/\",\"url\":\"https:\\\/\\\/test.chemin-neuf.mu\\\/fr\\\/qui-sommes-nous\\\/vie-consacree\\\/\",\"name\":\"Vie Consacr\u00e9e - Test Pays\",\"isPartOf\":{\"@id\":\"https:\\\/\\\/test.chemin-neuf.mu\\\/fr\\\/#website\"},\"primaryImageOfPage\":{\"@id\":\"https:\\\/\\\/test.chemin-neuf.mu\\\/fr\\\/qui-sommes-nous\\\/vie-consacree\\\/#primaryimage\"},\"image\":{\"@id\":\"https:\\\/\\\/test.chemin-neuf.mu\\\/fr\\\/qui-sommes-nous\\\/vie-consacree\\\/#primaryimage\"},\"thumbnailUrl\":\"https:\\\/\\\/test.chemin-neuf.mu\\\/wp-content\\\/uploads\\\/2021\\\/04\\\/chemin-neuf-vie-consacree.jpeg\",\"datePublished\":\"2021-04-02T13:47:01+00:00\",\"dateModified\":\"2021-05-08T09:23:29+00:00\",\"description\":\"Fr\u00e8res &amp; Soeurs consacr\u00e9es C\u2019est l\u2019Esprit qui suscite le d\u00e9sir d\u2019une r\u00e9ponse totale ; c\u2019est lui qui accompagne la croissance de ce d\u00e9sir, portant \u00e0\",\"breadcrumb\":{\"@id\":\"https:\\\/\\\/test.chemin-neuf.mu\\\/fr\\\/qui-sommes-nous\\\/vie-consacree\\\/#breadcrumb\"},\"inLanguage\":\"fr\",\"potentialAction\":[{\"@type\":\"ReadAction\",\"target\":[\"https:\\\/\\\/test.chemin-neuf.mu\\\/fr\\\/qui-sommes-nous\\\/vie-consacree\\\/\"]}]},{\"@type\":\"ImageObject\",\"inLanguage\":\"fr\",\"@id\":\"https:\\\/\\\/test.chemin-neuf.mu\\\/fr\\\/qui-sommes-nous\\\/vie-consacree\\\/#primaryimage\",\"url\":\"https:\\\/\\\/test.chemin-neuf.mu\\\/wp-content\\\/uploads\\\/2021\\\/04\\\/chemin-neuf-vie-consacree.jpeg\",\"contentUrl\":\"https:\\\/\\\/test.chemin-neuf.mu\\\/wp-content\\\/uploads\\\/2021\\\/04\\\/chemin-neuf-vie-consacree.jpeg\",\"width\":1920,\"height\":1281},{\"@type\":\"BreadcrumbList\",\"@id\":\"https:\\\/\\\/test.chemin-neuf.mu\\\/fr\\\/qui-sommes-nous\\\/vie-consacree\\\/#breadcrumb\",\"itemListElement\":[{\"@type\":\"ListItem\",\"position\":1,\"name\":\"Home\",\"item\":\"https:\\\/\\\/test.chemin-neuf.mu\\\/fr\\\/\"},{\"@type\":\"ListItem\",\"position\":2,\"name\":\"Priv\u00e9\u00a0: QUI SOMMES NOUS ?\",\"item\":\"https:\\\/\\\/test.chemin-neuf.mu\\\/fr\\\/qui-sommes-nous\\\/\"},{\"@type\":\"ListItem\",\"position\":3,\"name\":\"Vie Consacr\u00e9e\"}]},{\"@type\":\"WebSite\",\"@id\":\"https:\\\/\\\/test.chemin-neuf.mu\\\/fr\\\/#website\",\"url\":\"https:\\\/\\\/test.chemin-neuf.mu\\\/fr\\\/\",\"name\":\"Test Pays\",\"description\":\"Site test pays bilingue\",\"potentialAction\":[{\"@type\":\"SearchAction\",\"target\":{\"@type\":\"EntryPoint\",\"urlTemplate\":\"https:\\\/\\\/test.chemin-neuf.mu\\\/fr\\\/?s={search_term_string}\"},\"query-input\":{\"@type\":\"PropertyValueSpecification\",\"valueRequired\":true,\"valueName\":\"search_term_string\"}}],\"inLanguage\":\"fr\"}]}<\/script>\n<!-- \/ Yoast SEO plugin. -->","yoast_head_json":{"title":"Vie Consacr\u00e9e - Test Pays","description":"Fr\u00e8res &amp; Soeurs consacr\u00e9es C\u2019est l\u2019Esprit qui suscite le d\u00e9sir d\u2019une r\u00e9ponse totale ; c\u2019est lui qui accompagne la croissance de ce d\u00e9sir, portant \u00e0","robots":{"index":"noindex","follow":"follow","max-snippet":"max-snippet:-1","max-image-preview":"max-image-preview:large","max-video-preview":"max-video-preview:-1"},"og_locale":"fr_FR","og_type":"article","og_title":"Vie Consacr\u00e9e - Test Pays","og_description":"Fr\u00e8res &amp; Soeurs consacr\u00e9es C\u2019est l\u2019Esprit qui suscite le d\u00e9sir d\u2019une r\u00e9ponse totale ; c\u2019est lui qui accompagne la croissance de ce d\u00e9sir, portant \u00e0","og_url":"https:\/\/test.chemin-neuf.mu\/fr\/qui-sommes-nous\/vie-consacree\/","og_site_name":"Test Pays","article_modified_time":"2021-05-08T09:23:29+00:00","og_image":[{"width":2048,"height":1366,"url":"https:\/\/test.chemin-neuf.mu\/wp-content\/uploads\/2021\/04\/chemin-neuf-vie-consacree.jpeg","type":"image\/jpeg"}],"twitter_card":"summary_large_image","twitter_misc":{"Est. reading time":"9 minutes"},"schema":{"@context":"https:\/\/schema.org","@graph":[{"@type":"WebPage","@id":"https:\/\/test.chemin-neuf.mu\/fr\/qui-sommes-nous\/vie-consacree\/","url":"https:\/\/test.chemin-neuf.mu\/fr\/qui-sommes-nous\/vie-consacree\/","name":"Vie Consacr\u00e9e - Test Pays","isPartOf":{"@id":"https:\/\/test.chemin-neuf.mu\/fr\/#website"},"primaryImageOfPage":{"@id":"https:\/\/test.chemin-neuf.mu\/fr\/qui-sommes-nous\/vie-consacree\/#primaryimage"},"image":{"@id":"https:\/\/test.chemin-neuf.mu\/fr\/qui-sommes-nous\/vie-consacree\/#primaryimage"},"thumbnailUrl":"https:\/\/test.chemin-neuf.mu\/wp-content\/uploads\/2021\/04\/chemin-neuf-vie-consacree.jpeg","datePublished":"2021-04-02T13:47:01+00:00","dateModified":"2021-05-08T09:23:29+00:00","description":"Fr\u00e8res &amp; Soeurs consacr\u00e9es C\u2019est l\u2019Esprit qui suscite le d\u00e9sir d\u2019une r\u00e9ponse totale ; c\u2019est lui qui accompagne la croissance de ce d\u00e9sir, portant \u00e0","breadcrumb":{"@id":"https:\/\/test.chemin-neuf.mu\/fr\/qui-sommes-nous\/vie-consacree\/#breadcrumb"},"inLanguage":"fr","potentialAction":[{"@type":"ReadAction","target":["https:\/\/test.chemin-neuf.mu\/fr\/qui-sommes-nous\/vie-consacree\/"]}]},{"@type":"ImageObject","inLanguage":"fr","@id":"https:\/\/test.chemin-neuf.mu\/fr\/qui-sommes-nous\/vie-consacree\/#primaryimage","url":"https:\/\/test.chemin-neuf.mu\/wp-content\/uploads\/2021\/04\/chemin-neuf-vie-consacree.jpeg","contentUrl":"https:\/\/test.chemin-neuf.mu\/wp-content\/uploads\/2021\/04\/chemin-neuf-vie-consacree.jpeg","width":1920,"height":1281},{"@type":"BreadcrumbList","@id":"https:\/\/test.chemin-neuf.mu\/fr\/qui-sommes-nous\/vie-consacree\/#breadcrumb","itemListElement":[{"@type":"ListItem","position":1,"name":"Home","item":"https:\/\/test.chemin-neuf.mu\/fr\/"},{"@type":"ListItem","position":2,"name":"Priv\u00e9\u00a0: QUI SOMMES NOUS ?","item":"https:\/\/test.chemin-neuf.mu\/fr\/qui-sommes-nous\/"},{"@type":"ListItem","position":3,"name":"Vie Consacr\u00e9e"}]},{"@type":"WebSite","@id":"https:\/\/test.chemin-neuf.mu\/fr\/#website","url":"https:\/\/test.chemin-neuf.mu\/fr\/","name":"Test Pays","description":"Site test pays bilingue","potentialAction":[{"@type":"SearchAction","target":{"@type":"EntryPoint","urlTemplate":"https:\/\/test.chemin-neuf.mu\/fr\/?s={search_term_string}"},"query-input":{"@type":"PropertyValueSpecification","valueRequired":true,"valueName":"search_term_string"}}],"inLanguage":"fr"}]}},"_links":{"self":[{"href":"https:\/\/test.chemin-neuf.mu\/fr\/wp-json\/wp\/v2\/pages\/1331","targetHints":{"allow":["GET"]}}],"collection":[{"href":"https:\/\/test.chemin-neuf.mu\/fr\/wp-json\/wp\/v2\/pages"}],"about":[{"href":"https:\/\/test.chemin-neuf.mu\/fr\/wp-json\/wp\/v2\/types\/page"}],"author":[{"embeddable":true,"href":"https:\/\/test.chemin-neuf.mu\/fr\/wp-json\/wp\/v2\/users\/1"}],"replies":[{"embeddable":true,"href":"https:\/\/test.chemin-neuf.mu\/fr\/wp-json\/wp\/v2\/comments?post=1331"}],"version-history":[{"count":5,"href":"https:\/\/test.chemin-neuf.mu\/fr\/wp-json\/wp\/v2\/pages\/1331\/revisions"}],"predecessor-version":[{"id":2862,"href":"https:\/\/test.chemin-neuf.mu\/fr\/wp-json\/wp\/v2\/pages\/1331\/revisions\/2862"}],"up":[{"embeddable":true,"href":"https:\/\/test.chemin-neuf.mu\/fr\/wp-json\/wp\/v2\/pages\/12"}],"wp:featuredmedia":[{"embeddable":true,"href":"https:\/\/test.chemin-neuf.mu\/fr\/wp-json\/wp\/v2\/media\/1602"}],"wp:attachment":[{"href":"https:\/\/test.chemin-neuf.mu\/fr\/wp-json\/wp\/v2\/media?parent=1331"}],"curies":[{"name":"wp","href":"https:\/\/api.w.org\/{rel}","templated":true}]}}