{"id":354,"date":"2021-01-19T18:26:42","date_gmt":"2021-01-19T17:26:42","guid":{"rendered":"https:\/\/next.chemin-neuf.be\/?page_id=354"},"modified":"2025-11-29T11:51:42","modified_gmt":"2025-11-29T10:51:42","slug":"18-30","status":"publish","type":"page","link":"https:\/\/test.chemin-neuf.mu\/fr\/missions\/18-30\/","title":{"rendered":"Jeunes 18-30"},"content":{"rendered":"\n<p class=\"has-text-align-right has-black-color has-text-color\">facebook : j<a href=\"https:\/\/www.facebook.com\/jeunesccn\/\" target=\"_blank\" rel=\"noreferrer noopener\">eunesccn<\/a> <a href=\"https:\/\/www.instagram.com\/cheminneuf.18_30.belgique\/reels\/\" target=\"_blank\" rel=\"noreferrer noopener\"> insta : cheminneuf18_30.belgique<\/a><\/p>\n\n\n\n<p><\/p>\n\n\n\n<h3 class=\"wp-block-heading has-orange-color has-text-color\">Propositions pour 2025-2026: trois week-ends jeunes <\/h3>\n\n\n\n<p class=\"has-gray-color has-beige-background-color has-text-color has-background has-link-color has-small-font-size wp-elements-e318c7d58cb08f01acca0c3ce82d4df4\"><a href=\"https:\/\/test.chemin-neuf.mu\/fr\/evenement\/rooted-in-love\/\">Prochaine proposition: 4 jours pour aller plus en profondeur, retraite \u00e0 Anvers du 29\/01\/26 au 01\/02\/26.<\/a><\/p>\n\n\n\n<div class=\"wp-block-columns is-style-restricted-width is-layout-flex wp-container-core-columns-is-layout-9d6595d7 wp-block-columns-is-layout-flex\">\n<div class=\"wp-block-column is-layout-flow wp-block-column-is-layout-flow\" style=\"flex-basis:100%\">\n<div class=\"cards-container columns columns-3 align-center\">\n\n    <!-- scroll arrow left\/previous -->\n    \n    <div class=\"cards-list columns proposition columns-3 align-center\">\n\n        \n    <\/div>\n\n    <!-- scroll arrow right\/next -->\n    \n<\/div><\/div>\n<\/div>\n\n\n\n<p>Cette ann\u00e9e nous proposons trois week-ends jeunes (18-30ans).<strong> Le premier week-end a eu lieu du 7 au 9 novembre 2025<\/strong> \u00e0 l&#8217;abbaye St-Paul \u00e0 Oosterhout aux Pays-Bas, sous le th\u00e8me &#8220;<strong>WALK ON WATER<\/strong>&#8220;. <\/p>\n\n\n\n<p><strong>Une mini-retraite aura lieu \u00e0 Anvers au &#8220;klooster Heilig Hart&#8221;, une retraite de 4 jours &#8211; du 29 janvier au 1 f\u00e9vrier <\/strong>&#8211; pour approfondir son enracinement dans l&#8217;Amour. Les inscriptions sont ouvertes (<a href=\"https:\/\/test.chemin-neuf.mu\/fr\/evenement\/rooted-in-love\/\">ICI<\/a>).<\/p>\n\n\n\n<figure class=\"wp-block-gallery has-nested-images columns-default is-cropped wp-block-gallery-1 is-layout-flex wp-block-gallery-is-layout-flex\">\n<figure class=\"wp-block-image size-large\"><img loading=\"lazy\" decoding=\"async\" width=\"726\" height=\"1024\" data-id=\"72426\" src=\"https:\/\/test.chemin-neuf.mu\/wp-content\/uploads\/2025\/11\/Rooted-in-Love-FR-1-1-726x1024.jpg\" alt=\"\" class=\"wp-image-72426\" srcset=\"https:\/\/test.chemin-neuf.mu\/wp-content\/uploads\/2025\/11\/Rooted-in-Love-FR-1-1-726x1024.jpg 726w, https:\/\/test.chemin-neuf.mu\/wp-content\/uploads\/2025\/11\/Rooted-in-Love-FR-1-1-768x1083.jpg 768w, https:\/\/test.chemin-neuf.mu\/wp-content\/uploads\/2025\/11\/Rooted-in-Love-FR-1-1-1090x1536.jpg 1090w, https:\/\/test.chemin-neuf.mu\/wp-content\/uploads\/2025\/11\/Rooted-in-Love-FR-1-1.jpg 1240w\" sizes=\"auto, (max-width: 726px) 100vw, 726px\" \/><\/figure>\n\n\n\n<figure class=\"wp-block-image size-large\"><img loading=\"lazy\" decoding=\"async\" width=\"726\" height=\"1024\" data-id=\"72428\" src=\"https:\/\/test.chemin-neuf.mu\/wp-content\/uploads\/2025\/11\/Rooted-in-Love-FR-2-1-726x1024.jpg\" alt=\"\" class=\"wp-image-72428\" srcset=\"https:\/\/test.chemin-neuf.mu\/wp-content\/uploads\/2025\/11\/Rooted-in-Love-FR-2-1-726x1024.jpg 726w, https:\/\/test.chemin-neuf.mu\/wp-content\/uploads\/2025\/11\/Rooted-in-Love-FR-2-1-768x1083.jpg 768w, https:\/\/test.chemin-neuf.mu\/wp-content\/uploads\/2025\/11\/Rooted-in-Love-FR-2-1-1090x1536.jpg 1090w, https:\/\/test.chemin-neuf.mu\/wp-content\/uploads\/2025\/11\/Rooted-in-Love-FR-2-1.jpg 1240w\" sizes=\"auto, (max-width: 726px) 100vw, 726px\" \/><\/figure>\n<\/figure>\n\n\n\n<p>Notre troisi\u00e8me proposition est <strong>le festival international de P\u00e2ques &#8220;HE IS RISEN&#8221;<\/strong> \u00e0 Oosterhout <strong>du 2 au 6 avril 2026<\/strong>. F\u00eatez la Semaine Sainte et P\u00e2ques avec des jeunes de plusieurs pays d&#8217;Europe. Les inscriptions pour le festival s&#8217;ouvriront prochainement.<\/p>\n\n\n\n<p class=\"has-text-align-center has-white-color has-orange-background-color has-text-color has-background has-link-color has-normal-font-size wp-elements-01fd55976409a2737ed81e7ed6ded563\"><strong>Bienvenu au groupe de pri\u00e8re de Bruxelles<\/strong> &#8211; <br>RDV sp\u00e9cial des jeunes le deuxi\u00e8me mardi du mois !<\/p>\n\n\n<div class=\"wp-block-image\">\n<figure class=\"aligncenter size-large is-resized\"><img loading=\"lazy\" decoding=\"async\" width=\"724\" height=\"1024\" src=\"https:\/\/test.chemin-neuf.mu\/wp-content\/uploads\/2025\/10\/Tracte-Soiree-de-Louange-1-1-1-724x1024.jpg\" alt=\"\" class=\"wp-image-70535\" style=\"width:342px;height:auto\" srcset=\"https:\/\/test.chemin-neuf.mu\/wp-content\/uploads\/2025\/10\/Tracte-Soiree-de-Louange-1-1-1-724x1024.jpg 724w, https:\/\/test.chemin-neuf.mu\/wp-content\/uploads\/2025\/10\/Tracte-Soiree-de-Louange-1-1-1-768x1086.jpg 768w, https:\/\/test.chemin-neuf.mu\/wp-content\/uploads\/2025\/10\/Tracte-Soiree-de-Louange-1-1-1-1086x1536.jpg 1086w, https:\/\/test.chemin-neuf.mu\/wp-content\/uploads\/2025\/10\/Tracte-Soiree-de-Louange-1-1-1.jpg 1414w\" sizes=\"auto, (max-width: 724px) 100vw, 724px\" \/><\/figure>\n<\/div>\n\n\n<p class=\"has-text-align-center has-white-color has-orange-background-color has-text-color has-background has-link-color wp-elements-fb6ada6041cb844445d8527c337ed3a4\"><strong>Trois fraternit\u00e9s de jeunes ont d\u00e9but\u00e9 d\u00e9but octobre; une en n\u00e9erlandais \u00e0 Anvers, une \u00e0 Bruxelles et une \u00e0 Li\u00e8ge en fran\u00e7ais. Si tu es interess\u00e9 par cette proposition (se rencontrer un soir par mois pour \u00e9changer et prier ensemble), contacte sr. Bettina (responsable mission jeunes CCN Belgique): 0032 456 940821 ou bettinapeter18@hotmail.com .<\/strong><\/p>\n\n\n\n<figure class=\"wp-block-gallery has-nested-images columns-default is-cropped wp-block-gallery-2 is-layout-flex wp-block-gallery-is-layout-flex\">\n<figure class=\"wp-block-image size-large\"><img loading=\"lazy\" decoding=\"async\" width=\"1024\" height=\"768\" data-id=\"69795\" src=\"https:\/\/test.chemin-neuf.mu\/wp-content\/uploads\/2025\/10\/jongerendag-210925-1-1024x768.jpeg\" alt=\"\" class=\"wp-image-69795\" srcset=\"https:\/\/test.chemin-neuf.mu\/wp-content\/uploads\/2025\/10\/jongerendag-210925-1-1024x768.jpeg 1024w, https:\/\/test.chemin-neuf.mu\/wp-content\/uploads\/2025\/10\/jongerendag-210925-1-768x576.jpeg 768w, https:\/\/test.chemin-neuf.mu\/wp-content\/uploads\/2025\/10\/jongerendag-210925-1-1536x1152.jpeg 1536w, https:\/\/test.chemin-neuf.mu\/wp-content\/uploads\/2025\/10\/jongerendag-210925-1.jpeg 2048w\" sizes=\"auto, (max-width: 1024px) 100vw, 1024px\" \/><\/figure>\n\n\n\n<figure class=\"wp-block-image size-large\"><img loading=\"lazy\" decoding=\"async\" width=\"1024\" height=\"768\" data-id=\"69797\" src=\"https:\/\/test.chemin-neuf.mu\/wp-content\/uploads\/2025\/10\/jongerendag-210925-2-1024x768.jpeg\" alt=\"\" class=\"wp-image-69797\" srcset=\"https:\/\/test.chemin-neuf.mu\/wp-content\/uploads\/2025\/10\/jongerendag-210925-2-1024x768.jpeg 1024w, https:\/\/test.chemin-neuf.mu\/wp-content\/uploads\/2025\/10\/jongerendag-210925-2-768x576.jpeg 768w, https:\/\/test.chemin-neuf.mu\/wp-content\/uploads\/2025\/10\/jongerendag-210925-2-1536x1152.jpeg 1536w, https:\/\/test.chemin-neuf.mu\/wp-content\/uploads\/2025\/10\/jongerendag-210925-2.jpeg 2048w\" sizes=\"auto, (max-width: 1024px) 100vw, 1024px\" \/><\/figure>\n\n\n\n<figure class=\"wp-block-image size-large\"><img loading=\"lazy\" decoding=\"async\" width=\"1024\" height=\"768\" data-id=\"69799\" src=\"https:\/\/test.chemin-neuf.mu\/wp-content\/uploads\/2025\/10\/jongerendag-210925-3-1024x768.jpeg\" alt=\"\" class=\"wp-image-69799\" srcset=\"https:\/\/test.chemin-neuf.mu\/wp-content\/uploads\/2025\/10\/jongerendag-210925-3-1024x768.jpeg 1024w, https:\/\/test.chemin-neuf.mu\/wp-content\/uploads\/2025\/10\/jongerendag-210925-3-768x576.jpeg 768w, https:\/\/test.chemin-neuf.mu\/wp-content\/uploads\/2025\/10\/jongerendag-210925-3-1536x1152.jpeg 1536w, https:\/\/test.chemin-neuf.mu\/wp-content\/uploads\/2025\/10\/jongerendag-210925-3.jpeg 2048w\" sizes=\"auto, (max-width: 1024px) 100vw, 1024px\" \/><\/figure>\n\n\n\n<figure class=\"wp-block-image size-large\"><img loading=\"lazy\" decoding=\"async\" width=\"1024\" height=\"768\" data-id=\"69801\" src=\"https:\/\/test.chemin-neuf.mu\/wp-content\/uploads\/2025\/10\/jongerendag-210925-4-1024x768.jpeg\" alt=\"\" class=\"wp-image-69801\" srcset=\"https:\/\/test.chemin-neuf.mu\/wp-content\/uploads\/2025\/10\/jongerendag-210925-4-1024x768.jpeg 1024w, https:\/\/test.chemin-neuf.mu\/wp-content\/uploads\/2025\/10\/jongerendag-210925-4-768x576.jpeg 768w, https:\/\/test.chemin-neuf.mu\/wp-content\/uploads\/2025\/10\/jongerendag-210925-4-1536x1152.jpeg 1536w, https:\/\/test.chemin-neuf.mu\/wp-content\/uploads\/2025\/10\/jongerendag-210925-4.jpeg 2048w\" sizes=\"auto, (max-width: 1024px) 100vw, 1024px\" \/><\/figure>\n\n\n\n<figure class=\"wp-block-image size-large\"><img loading=\"lazy\" decoding=\"async\" width=\"1024\" height=\"768\" data-id=\"69803\" src=\"https:\/\/test.chemin-neuf.mu\/wp-content\/uploads\/2025\/10\/jongerendag-210925-5-1024x768.jpeg\" alt=\"\" class=\"wp-image-69803\" srcset=\"https:\/\/test.chemin-neuf.mu\/wp-content\/uploads\/2025\/10\/jongerendag-210925-5-1024x768.jpeg 1024w, https:\/\/test.chemin-neuf.mu\/wp-content\/uploads\/2025\/10\/jongerendag-210925-5-768x576.jpeg 768w, https:\/\/test.chemin-neuf.mu\/wp-content\/uploads\/2025\/10\/jongerendag-210925-5-1536x1152.jpeg 1536w, https:\/\/test.chemin-neuf.mu\/wp-content\/uploads\/2025\/10\/jongerendag-210925-5.jpeg 2048w\" sizes=\"auto, (max-width: 1024px) 100vw, 1024px\" \/><\/figure>\n\n\n\n<figure class=\"wp-block-image size-large\"><img loading=\"lazy\" decoding=\"async\" width=\"1024\" height=\"768\" data-id=\"69805\" src=\"https:\/\/test.chemin-neuf.mu\/wp-content\/uploads\/2025\/10\/jongerendag-210925-6-1024x768.jpeg\" alt=\"\" class=\"wp-image-69805\" srcset=\"https:\/\/test.chemin-neuf.mu\/wp-content\/uploads\/2025\/10\/jongerendag-210925-6-1024x768.jpeg 1024w, https:\/\/test.chemin-neuf.mu\/wp-content\/uploads\/2025\/10\/jongerendag-210925-6-768x576.jpeg 768w, https:\/\/test.chemin-neuf.mu\/wp-content\/uploads\/2025\/10\/jongerendag-210925-6-1536x1152.jpeg 1536w, https:\/\/test.chemin-neuf.mu\/wp-content\/uploads\/2025\/10\/jongerendag-210925-6.jpeg 2048w\" sizes=\"auto, (max-width: 1024px) 100vw, 1024px\" \/><\/figure>\n<\/figure>\n\n\n\n<figure class=\"wp-block-image size-large is-resized\"><img loading=\"lazy\" decoding=\"async\" width=\"1024\" height=\"768\" src=\"https:\/\/test.chemin-neuf.mu\/wp-content\/uploads\/2025\/11\/Funny-group-picture-Youth-Weekend-november-2025-instagram-1-1024x768.jpg\" alt=\"\" class=\"wp-image-72432\" style=\"width:621px;height:auto\" srcset=\"https:\/\/test.chemin-neuf.mu\/wp-content\/uploads\/2025\/11\/Funny-group-picture-Youth-Weekend-november-2025-instagram-1-1024x768.jpg 1024w, https:\/\/test.chemin-neuf.mu\/wp-content\/uploads\/2025\/11\/Funny-group-picture-Youth-Weekend-november-2025-instagram-1-768x576.jpg 768w, https:\/\/test.chemin-neuf.mu\/wp-content\/uploads\/2025\/11\/Funny-group-picture-Youth-Weekend-november-2025-instagram-1-1536x1152.jpg 1536w, https:\/\/test.chemin-neuf.mu\/wp-content\/uploads\/2025\/11\/Funny-group-picture-Youth-Weekend-november-2025-instagram-1-2048x1536.jpg 2048w\" sizes=\"auto, (max-width: 1024px) 100vw, 1024px\" \/><\/figure>\n\n\n\n<p><\/p>\n","protected":false},"excerpt":{"rendered":"<p>facebook : jeunesccn insta : cheminneuf18_30.belgique Propositions pour 2025-2026: trois week-ends jeunes Prochaine proposition: 4 jours pour aller plus en profondeur, retraite \u00e0 Anvers du 29\/01\/26 au 01\/02\/26. Cette ann\u00e9e nous proposons trois week-ends jeunes (18-30ans). Le premier week-end a eu lieu du 7 au 9 novembre 2025 \u00e0 l&#8217;abbaye St-Paul \u00e0 Oosterhout aux Pays-Bas, [&hellip;]<\/p>\n","protected":false},"author":1,"featured_media":69156,"parent":349,"menu_order":2,"comment_status":"closed","ping_status":"closed","template":"","meta":{"_acf_changed":false,"footnotes":""},"class_list":["post-354","page","type-page","status-publish","has-post-thumbnail","hentry"],"acf":[],"yoast_head":"<!-- This site is optimized with the Yoast SEO plugin v27.5 - https:\/\/yoast.com\/product\/yoast-seo-wordpress\/ -->\n<title>Jeunes 18-30 - Test Pays<\/title>\n<meta name=\"description\" content=\"facebook : jeunesccn insta : cheminneuf18_30.belgique Propositions pour 2025-2026: trois week-ends jeunes Prochaine proposition: 4 jours pour aller plus\" \/>\n<meta name=\"robots\" content=\"noindex, follow, max-snippet:-1, max-image-preview:large, max-video-preview:-1\" \/>\n<meta property=\"og:locale\" content=\"fr_FR\" \/>\n<meta property=\"og:type\" content=\"article\" \/>\n<meta property=\"og:title\" content=\"Jeunes 18-30 - Test Pays\" \/>\n<meta property=\"og:description\" content=\"facebook : jeunesccn insta : cheminneuf18_30.belgique Propositions pour 2025-2026: trois week-ends jeunes Prochaine proposition: 4 jours pour aller plus\" \/>\n<meta property=\"og:url\" content=\"https:\/\/test.chemin-neuf.mu\/fr\/missions\/18-30\/\" \/>\n<meta property=\"og:site_name\" content=\"Test Pays\" \/>\n<meta property=\"article:modified_time\" content=\"2025-11-29T10:51:42+00:00\" \/>\n<meta property=\"og:image\" content=\"https:\/\/test.chemin-neuf.mu\/wp-content\/uploads\/2025\/09\/Welcome-to-Paradise-belgen-1.jpeg\" \/>\n\t<meta property=\"og:image:width\" content=\"1600\" \/>\n\t<meta property=\"og:image:height\" content=\"1204\" \/>\n\t<meta property=\"og:image:type\" content=\"image\/jpeg\" \/>\n<meta name=\"twitter:card\" content=\"summary_large_image\" \/>\n<meta name=\"twitter:label1\" content=\"Est. reading time\" \/>\n\t<meta name=\"twitter:data1\" content=\"4 minutes\" \/>\n<script type=\"application\/ld+json\" class=\"yoast-schema-graph\">{\"@context\":\"https:\\\/\\\/schema.org\",\"@graph\":[{\"@type\":\"WebPage\",\"@id\":\"https:\\\/\\\/test.chemin-neuf.mu\\\/fr\\\/missions\\\/18-30\\\/\",\"url\":\"https:\\\/\\\/test.chemin-neuf.mu\\\/fr\\\/missions\\\/18-30\\\/\",\"name\":\"Jeunes 18-30 - Test Pays\",\"isPartOf\":{\"@id\":\"https:\\\/\\\/test.chemin-neuf.mu\\\/fr\\\/#website\"},\"primaryImageOfPage\":{\"@id\":\"https:\\\/\\\/test.chemin-neuf.mu\\\/fr\\\/missions\\\/18-30\\\/#primaryimage\"},\"image\":{\"@id\":\"https:\\\/\\\/test.chemin-neuf.mu\\\/fr\\\/missions\\\/18-30\\\/#primaryimage\"},\"thumbnailUrl\":\"https:\\\/\\\/test.chemin-neuf.mu\\\/wp-content\\\/uploads\\\/2025\\\/09\\\/Welcome-to-Paradise-belgen-1.jpeg\",\"datePublished\":\"2021-01-19T17:26:42+00:00\",\"dateModified\":\"2025-11-29T10:51:42+00:00\",\"description\":\"facebook : jeunesccn insta : cheminneuf18_30.belgique Propositions pour 2025-2026: trois week-ends jeunes Prochaine proposition: 4 jours pour aller plus\",\"breadcrumb\":{\"@id\":\"https:\\\/\\\/test.chemin-neuf.mu\\\/fr\\\/missions\\\/18-30\\\/#breadcrumb\"},\"inLanguage\":\"fr\",\"potentialAction\":[{\"@type\":\"ReadAction\",\"target\":[\"https:\\\/\\\/test.chemin-neuf.mu\\\/fr\\\/missions\\\/18-30\\\/\"]}]},{\"@type\":\"ImageObject\",\"inLanguage\":\"fr\",\"@id\":\"https:\\\/\\\/test.chemin-neuf.mu\\\/fr\\\/missions\\\/18-30\\\/#primaryimage\",\"url\":\"https:\\\/\\\/test.chemin-neuf.mu\\\/wp-content\\\/uploads\\\/2025\\\/09\\\/Welcome-to-Paradise-belgen-1.jpeg\",\"contentUrl\":\"https:\\\/\\\/test.chemin-neuf.mu\\\/wp-content\\\/uploads\\\/2025\\\/09\\\/Welcome-to-Paradise-belgen-1.jpeg\",\"width\":1600,\"height\":1204},{\"@type\":\"BreadcrumbList\",\"@id\":\"https:\\\/\\\/test.chemin-neuf.mu\\\/fr\\\/missions\\\/18-30\\\/#breadcrumb\",\"itemListElement\":[{\"@type\":\"ListItem\",\"position\":1,\"name\":\"Home\",\"item\":\"https:\\\/\\\/test.chemin-neuf.mu\\\/fr\\\/\"},{\"@type\":\"ListItem\",\"position\":2,\"name\":\"PROPOSITIONS\",\"item\":\"https:\\\/\\\/test.chemin-neuf.mu\\\/fr\\\/missions\\\/\"},{\"@type\":\"ListItem\",\"position\":3,\"name\":\"Jeunes 18-30\"}]},{\"@type\":\"WebSite\",\"@id\":\"https:\\\/\\\/test.chemin-neuf.mu\\\/fr\\\/#website\",\"url\":\"https:\\\/\\\/test.chemin-neuf.mu\\\/fr\\\/\",\"name\":\"Test Pays\",\"description\":\"Site test pays bilingue\",\"potentialAction\":[{\"@type\":\"SearchAction\",\"target\":{\"@type\":\"EntryPoint\",\"urlTemplate\":\"https:\\\/\\\/test.chemin-neuf.mu\\\/fr\\\/?s={search_term_string}\"},\"query-input\":{\"@type\":\"PropertyValueSpecification\",\"valueRequired\":true,\"valueName\":\"search_term_string\"}}],\"inLanguage\":\"fr\"}]}<\/script>\n<!-- \/ Yoast SEO plugin. -->","yoast_head_json":{"title":"Jeunes 18-30 - Test Pays","description":"facebook : jeunesccn insta : cheminneuf18_30.belgique Propositions pour 2025-2026: trois week-ends jeunes Prochaine proposition: 4 jours pour aller plus","robots":{"index":"noindex","follow":"follow","max-snippet":"max-snippet:-1","max-image-preview":"max-image-preview:large","max-video-preview":"max-video-preview:-1"},"og_locale":"fr_FR","og_type":"article","og_title":"Jeunes 18-30 - Test Pays","og_description":"facebook : jeunesccn insta : cheminneuf18_30.belgique Propositions pour 2025-2026: trois week-ends jeunes Prochaine proposition: 4 jours pour aller plus","og_url":"https:\/\/test.chemin-neuf.mu\/fr\/missions\/18-30\/","og_site_name":"Test Pays","article_modified_time":"2025-11-29T10:51:42+00:00","og_image":[{"width":1600,"height":1204,"url":"https:\/\/test.chemin-neuf.mu\/wp-content\/uploads\/2025\/09\/Welcome-to-Paradise-belgen-1.jpeg","type":"image\/jpeg"}],"twitter_card":"summary_large_image","twitter_misc":{"Est. reading time":"4 minutes"},"schema":{"@context":"https:\/\/schema.org","@graph":[{"@type":"WebPage","@id":"https:\/\/test.chemin-neuf.mu\/fr\/missions\/18-30\/","url":"https:\/\/test.chemin-neuf.mu\/fr\/missions\/18-30\/","name":"Jeunes 18-30 - Test Pays","isPartOf":{"@id":"https:\/\/test.chemin-neuf.mu\/fr\/#website"},"primaryImageOfPage":{"@id":"https:\/\/test.chemin-neuf.mu\/fr\/missions\/18-30\/#primaryimage"},"image":{"@id":"https:\/\/test.chemin-neuf.mu\/fr\/missions\/18-30\/#primaryimage"},"thumbnailUrl":"https:\/\/test.chemin-neuf.mu\/wp-content\/uploads\/2025\/09\/Welcome-to-Paradise-belgen-1.jpeg","datePublished":"2021-01-19T17:26:42+00:00","dateModified":"2025-11-29T10:51:42+00:00","description":"facebook : jeunesccn insta : cheminneuf18_30.belgique Propositions pour 2025-2026: trois week-ends jeunes Prochaine proposition: 4 jours pour aller plus","breadcrumb":{"@id":"https:\/\/test.chemin-neuf.mu\/fr\/missions\/18-30\/#breadcrumb"},"inLanguage":"fr","potentialAction":[{"@type":"ReadAction","target":["https:\/\/test.chemin-neuf.mu\/fr\/missions\/18-30\/"]}]},{"@type":"ImageObject","inLanguage":"fr","@id":"https:\/\/test.chemin-neuf.mu\/fr\/missions\/18-30\/#primaryimage","url":"https:\/\/test.chemin-neuf.mu\/wp-content\/uploads\/2025\/09\/Welcome-to-Paradise-belgen-1.jpeg","contentUrl":"https:\/\/test.chemin-neuf.mu\/wp-content\/uploads\/2025\/09\/Welcome-to-Paradise-belgen-1.jpeg","width":1600,"height":1204},{"@type":"BreadcrumbList","@id":"https:\/\/test.chemin-neuf.mu\/fr\/missions\/18-30\/#breadcrumb","itemListElement":[{"@type":"ListItem","position":1,"name":"Home","item":"https:\/\/test.chemin-neuf.mu\/fr\/"},{"@type":"ListItem","position":2,"name":"PROPOSITIONS","item":"https:\/\/test.chemin-neuf.mu\/fr\/missions\/"},{"@type":"ListItem","position":3,"name":"Jeunes 18-30"}]},{"@type":"WebSite","@id":"https:\/\/test.chemin-neuf.mu\/fr\/#website","url":"https:\/\/test.chemin-neuf.mu\/fr\/","name":"Test Pays","description":"Site test pays bilingue","potentialAction":[{"@type":"SearchAction","target":{"@type":"EntryPoint","urlTemplate":"https:\/\/test.chemin-neuf.mu\/fr\/?s={search_term_string}"},"query-input":{"@type":"PropertyValueSpecification","valueRequired":true,"valueName":"search_term_string"}}],"inLanguage":"fr"}]}},"_links":{"self":[{"href":"https:\/\/test.chemin-neuf.mu\/fr\/wp-json\/wp\/v2\/pages\/354","targetHints":{"allow":["GET"]}}],"collection":[{"href":"https:\/\/test.chemin-neuf.mu\/fr\/wp-json\/wp\/v2\/pages"}],"about":[{"href":"https:\/\/test.chemin-neuf.mu\/fr\/wp-json\/wp\/v2\/types\/page"}],"author":[{"embeddable":true,"href":"https:\/\/test.chemin-neuf.mu\/fr\/wp-json\/wp\/v2\/users\/1"}],"replies":[{"embeddable":true,"href":"https:\/\/test.chemin-neuf.mu\/fr\/wp-json\/wp\/v2\/comments?post=354"}],"version-history":[{"count":71,"href":"https:\/\/test.chemin-neuf.mu\/fr\/wp-json\/wp\/v2\/pages\/354\/revisions"}],"predecessor-version":[{"id":72684,"href":"https:\/\/test.chemin-neuf.mu\/fr\/wp-json\/wp\/v2\/pages\/354\/revisions\/72684"}],"up":[{"embeddable":true,"href":"https:\/\/test.chemin-neuf.mu\/fr\/wp-json\/wp\/v2\/pages\/349"}],"wp:featuredmedia":[{"embeddable":true,"href":"https:\/\/test.chemin-neuf.mu\/fr\/wp-json\/wp\/v2\/media\/69156"}],"wp:attachment":[{"href":"https:\/\/test.chemin-neuf.mu\/fr\/wp-json\/wp\/v2\/media?parent=354"}],"curies":[{"name":"wp","href":"https:\/\/api.w.org\/{rel}","templated":true}]}}