{"id":64413,"date":"2024-11-25T17:43:19","date_gmt":"2024-11-25T16:43:19","guid":{"rendered":"https:\/\/test.chemin-neuf.mu\/?post_type=proposition&#038;p=64413"},"modified":"2025-11-08T10:31:36","modified_gmt":"2025-11-08T09:31:36","slug":"weekend-cana","status":"publish","type":"proposition","link":"https:\/\/test.chemin-neuf.mu\/fr\/evenement\/weekend-cana\/","title":{"rendered":"Week-end CANA"},"content":{"rendered":"\n<h2 class=\"wp-block-heading\">Th\u00e8me: &#8220;Grandir en couple&#8221; <\/h2>\n\n\n\n<h3 class=\"wp-block-heading\"><\/h3>\n\n\n\n<p>Chers couples, vous \u00eates chaleureusement invit\u00e9s \u00e0 notre week-end CANA &#8220;Grandir en couple&#8221; du 15 et 16 novembre 2025. Ce week-end est ouvert \u00e0 tous.<\/p>\n\n\n\n<figure class=\"wp-block-image size-large\"><img loading=\"lazy\" decoding=\"async\" width=\"1024\" height=\"324\" src=\"https:\/\/test.chemin-neuf.mu\/wp-content\/uploads\/2023\/12\/logo-chemin-neuf-et-cana-couples-1024x324.jpg\" alt=\"\" class=\"wp-image-44514\" srcset=\"https:\/\/test.chemin-neuf.mu\/wp-content\/uploads\/2023\/12\/logo-chemin-neuf-et-cana-couples-1024x324.jpg 1024w, https:\/\/test.chemin-neuf.mu\/wp-content\/uploads\/2023\/12\/logo-chemin-neuf-et-cana-couples-300x95.jpg 300w, https:\/\/test.chemin-neuf.mu\/wp-content\/uploads\/2023\/12\/logo-chemin-neuf-et-cana-couples-768x243.jpg 768w, https:\/\/test.chemin-neuf.mu\/wp-content\/uploads\/2023\/12\/logo-chemin-neuf-et-cana-couples-1536x486.jpg 1536w, https:\/\/test.chemin-neuf.mu\/wp-content\/uploads\/2023\/12\/logo-chemin-neuf-et-cana-couples.jpg 1920w\" sizes=\"auto, (max-width: 1024px) 100vw, 1024px\" \/><\/figure>\n\n\n\n<p><strong>Un week-end pour :<\/strong><\/p>\n\n\n\n<ul class=\"wp-block-list\">\n<li>Prendre le temps de se retrouver et de relire son engagement<\/li>\n\n\n\n<li>\u00c9changer sur des questions de sa vie de couple telles que la communication, le pardon, la sexualit\u00e9,&#8230;<\/li>\n\n\n\n<li>Approfondir la v\u00e9rit\u00e9 et le pardon dans sa vie conjugale<\/li>\n\n\n\n<li>Partager avec d\u2019autres les difficult\u00e9s et les joies de la vie \u00e0 deux<\/li>\n\n\n\n<li>Savourer des moments de d\u00e9tente et de convivialit\u00e9<\/li>\n\n\n\n<li>Prier, d\u00e9couvrir que Dieu agit dans son couple<\/li>\n\n\n\n<li>Approfondir sa relation de couple et red\u00e9couvrir l\u2019essentiel de sa vie conjugale<\/li>\n\n\n\n<li>Repartir regonfl\u00e9s de d\u00e9sir et d\u2019Esprit Saint<\/li>\n<\/ul>\n\n\n\n<p><a href=\"https:\/\/youtu.be\/sO_NmzdNLMc\">https:\/\/youtu.be\/sO_NmzdNLMc<\/a><\/p>\n\n\n<div class=\"wp-block-image\">\n<figure class=\"aligncenter size-large is-resized\"><img loading=\"lazy\" decoding=\"async\" width=\"1024\" height=\"1013\" src=\"https:\/\/test.chemin-neuf.mu\/wp-content\/uploads\/2024\/11\/semaine-Cana-2025-1024x1013.jpeg\" alt=\"\" class=\"wp-image-68608\" style=\"width:567px;height:auto\" srcset=\"https:\/\/test.chemin-neuf.mu\/wp-content\/uploads\/2024\/11\/semaine-Cana-2025-1024x1013.jpeg 1024w, https:\/\/test.chemin-neuf.mu\/wp-content\/uploads\/2024\/11\/semaine-Cana-2025-768x760.jpeg 768w, https:\/\/test.chemin-neuf.mu\/wp-content\/uploads\/2024\/11\/semaine-Cana-2025.jpeg 1170w\" sizes=\"auto, (max-width: 1024px) 100vw, 1024px\" \/><\/figure>\n<\/div>\n\n\n<p><\/p>\n\n\n\n<p class=\"has-text-align-left has-orange-color has-beige-background-color has-text-color has-background has-normal-font-size\"><strong>&#8211;Ils ont aim\u00e9 et ils en parlent!&#8211;<\/strong>                                                                                           <em>Harold et Marguerite: &#8220;CANA nous a appris \u00e0 prendre plus de temps pour notre couple, \u00e0 am\u00e9liorer le dialogue entre nous et ainsi concr\u00e9tiser nos projets vraiment ensemble. CANA permet de poursuivre les gr\u00e2ces du mariage avec le Christ, de discerner sa pr\u00e9sence dans notre couple, et d&#8217;accorder notre foi avec nos diff\u00e9rences.&#8221;<\/em><\/p>\n\n\n\n<h2 class=\"wp-block-heading\"><strong>Programme<\/strong><\/h2>\n\n\n<div class=\"wp-block-image\">\n<figure class=\"aligncenter size-large is-resized\"><img loading=\"lazy\" decoding=\"async\" width=\"1024\" height=\"683\" src=\"https:\/\/test.chemin-neuf.mu\/wp-content\/uploads\/2024\/11\/IMG_6091-1024x683.jpg\" alt=\"\" class=\"wp-image-69060\" style=\"width:586px;height:auto\" srcset=\"https:\/\/test.chemin-neuf.mu\/wp-content\/uploads\/2024\/11\/IMG_6091-1024x683.jpg 1024w, https:\/\/test.chemin-neuf.mu\/wp-content\/uploads\/2024\/11\/IMG_6091-768x512.jpg 768w, https:\/\/test.chemin-neuf.mu\/wp-content\/uploads\/2024\/11\/IMG_6091-1536x1024.jpg 1536w, https:\/\/test.chemin-neuf.mu\/wp-content\/uploads\/2024\/11\/IMG_6091-2048x1365.jpg 2048w\" sizes=\"auto, (max-width: 1024px) 100vw, 1024px\" \/><\/figure>\n<\/div>\n\n\n<h3 class=\"wp-block-heading\">THEME DU WEEK-END: &#8220;GRANDIR EN COUPLE&#8221;<\/h3>\n\n\n\n<ul class=\"wp-block-list\">\n<li>Enseignements et t\u00e9moignages<\/li>\n\n\n\n<li>Temps de r\u00e9flexion personnel et partages en couple<\/li>\n\n\n\n<li>Offices, eucharistie, accueil spirituel pour ceux qui le souhaitent<\/li>\n\n\n\n<li>Temps fraternels avec d\u2019autres couples<\/li>\n\n\n\n<li>Moments&nbsp;de d\u00e9tente, ateliers \u00e0 la carte&nbsp;<\/li>\n<\/ul>\n\n\n\n<h3 class=\"wp-block-heading\">ACCUEIL DES ENFANTS<\/h3>\n\n\n\n<p><strong>Possibilit\u00e9 d\u2019accueil des enfants de 0 \u00e0 13 ans.&nbsp;<\/strong>Les jeunes d\u00e8s 14 ans pourraient venir aider \u00e0 prendre soin des plus petits s&#8217;ils le d\u00e9sirent.<\/p>\n\n\n\n<p><strong>Le week-end CANA est tout d\u2019abord un temps privil\u00e9gi\u00e9 pour votre couple<\/strong>, nous vous encourageons \u00e0 r\u00e9fl\u00e9chir \u00e0 la meilleure organisation pour votre famille.&nbsp;<br>Sur certaines tranches horaires, les enfants vivront des activit\u00e9s par groupes d\u2019\u00e2ges. Mais ils seront sous la responsabilit\u00e9 de leurs parents pour les repas et la nuit.&nbsp;<\/p>\n\n\n\n<p>Nous sommes disponibles pour \u00e9changer avec vous pour toute question au sujet de l\u2019accueil de vos enfants.<\/p>\n\n\n\n<h3 class=\"wp-block-heading\">LOGEMENT<\/h3>\n\n\n\n<p><strong>Lieu:<\/strong> Carmel de Mehagne, Chemin du Carmel, 4053 Chaudfontaine&nbsp;<\/p>\n\n\n<div class=\"wp-block-image\">\n<figure class=\"aligncenter size-large is-resized\"><img loading=\"lazy\" decoding=\"async\" width=\"1024\" height=\"565\" src=\"https:\/\/test.chemin-neuf.mu\/wp-content\/uploads\/2021\/11\/Communaute-Belgique2-1024x565.jpg\" alt=\"\" class=\"wp-image-18390\" style=\"width:589px;height:auto\" srcset=\"https:\/\/test.chemin-neuf.mu\/wp-content\/uploads\/2021\/11\/Communaute-Belgique2-1024x565.jpg 1024w, https:\/\/test.chemin-neuf.mu\/wp-content\/uploads\/2021\/11\/Communaute-Belgique2-300x165.jpg 300w, https:\/\/test.chemin-neuf.mu\/wp-content\/uploads\/2021\/11\/Communaute-Belgique2-768x424.jpg 768w, https:\/\/test.chemin-neuf.mu\/wp-content\/uploads\/2021\/11\/Communaute-Belgique2-1536x847.jpg 1536w, https:\/\/test.chemin-neuf.mu\/wp-content\/uploads\/2021\/11\/Communaute-Belgique2.jpg 1679w\" sizes=\"auto, (max-width: 1024px) 100vw, 1024px\" \/><\/figure>\n<\/div>\n\n\n<p>Le logement en dur sur place et les repas sont inclus dans les frais.<\/p>\n\n\n\n<div class=\"wp-block-group has-white-color has-orange-background-color has-text-color has-background has-link-color wp-elements-a397e7f046b879565129f6793bfe36f0\"><div class=\"wp-block-group__inner-container is-layout-constrained wp-block-group-is-layout-constrained\">\n<p class=\"has-text-align-center\"><strong>Pour toute question n&#8217;hesitez \u00e0 prendre contact avec nous!&nbsp;<\/strong><\/p>\n\n\n\n<p class=\"has-text-align-center\"><a href=\"mailto:cana.belgique@gmail.com\">cana.belgique@gmail.com<\/a> \/ Dany et C\u00e9line Antonios-Heaulme 0032 476 091954<\/p>\n<\/div><\/div>\n\n\n\n<p class=\"has-normal-font-size\"><\/p>\n\n\n\n<h2 class=\"wp-block-heading\">Frais<\/h2>\n\n\n\n<p>A CANA, il n\u2019y a pas de tarif fixe unique, mais une \u00ab fourchette \u00bb de participation aux frais pour que chacun discerne ce qu\u2019il lui semble juste de donner, notamment selon ses ressources. <\/p>\n\n\n\n<p>La participation demand\u00e9e correspond aux frais d\u2019h\u00e9bergement, de restauration et d\u2019animation.<\/p>\n\n\n\n<p>Participation pour le weekend CANA: de 90 \u00e0 140\u20ac par couple ; de 30 \u00e0 50\u20ac par enfant. Soit \u00e0 titre d\u2019exemple pour une famille de 2 adultes et 2 enfants, une fourchette entre 150\u20ac et 240\u20ac. A r\u00e9gler par virement bancaire.<\/p>\n\n\n\n<p>Il est important pour nous que l\u2019argent ne soit pas un obstacle \u00e0 votre participation, contactez-nous en cas de difficult\u00e9s.<\/p>\n\n\n\n<p>IBAN : BE37 0882 4605 3528<br>Nom : Communaut\u00e9 du Chemin Neuf<br>Communication : WE Cana&nbsp; &#8211; dates du WE &#8211; votre nom<\/p>\n\n\n\n<p><\/p>\n","protected":false},"excerpt":{"rendered":"<p>Th\u00e8me: &#8220;Grandir en couple&#8221;<\/p>\n","protected":false},"featured_media":16677,"menu_order":0,"template":"","meta":{"_acf_changed":false,"footnotes":""},"prop-category":[8,44],"prop-duration":[],"class_list":["post-64413","proposition","type-proposition","status-publish","has-post-thumbnail","hentry","prop-category-couples-et-familles","prop-category-mission-cana"],"acf":[],"yoast_head":"<!-- This site is optimized with the Yoast SEO plugin v27.5 - https:\/\/yoast.com\/product\/yoast-seo-wordpress\/ -->\n<title>Week-end CANA - Test Pays<\/title>\n<meta name=\"description\" content=\"Th\u00e8me: &quot;Grandir en couple&quot;\" \/>\n<meta name=\"robots\" content=\"noindex, follow, max-snippet:-1, max-image-preview:large, max-video-preview:-1\" \/>\n<meta property=\"og:locale\" content=\"fr_FR\" \/>\n<meta property=\"og:type\" content=\"article\" \/>\n<meta property=\"og:title\" content=\"Week-end CANA - Test Pays\" \/>\n<meta property=\"og:description\" content=\"Th\u00e8me: &quot;Grandir en couple&quot;\" \/>\n<meta property=\"og:url\" content=\"https:\/\/test.chemin-neuf.mu\/fr\/evenement\/weekend-cana\/\" \/>\n<meta property=\"og:site_name\" content=\"Test Pays\" \/>\n<meta property=\"article:modified_time\" content=\"2025-11-08T09:31:36+00:00\" \/>\n<meta property=\"og:image\" content=\"https:\/\/test.chemin-neuf.mu\/wp-content\/uploads\/2021\/09\/242036520_191244179773400_9132560388548858059_n.jpg\" \/>\n\t<meta property=\"og:image:width\" content=\"1920\" \/>\n\t<meta property=\"og:image:height\" content=\"886\" \/>\n\t<meta property=\"og:image:type\" content=\"image\/jpeg\" \/>\n<meta name=\"twitter:card\" content=\"summary_large_image\" \/>\n<meta name=\"twitter:label1\" content=\"Est. reading time\" \/>\n\t<meta name=\"twitter:data1\" content=\"4 minutes\" \/>\n<script type=\"application\/ld+json\" class=\"yoast-schema-graph\">{\"@context\":\"https:\\\/\\\/schema.org\",\"@graph\":[{\"@type\":\"WebPage\",\"@id\":\"https:\\\/\\\/test.chemin-neuf.mu\\\/fr\\\/evenement\\\/weekend-cana\\\/\",\"url\":\"https:\\\/\\\/test.chemin-neuf.mu\\\/fr\\\/evenement\\\/weekend-cana\\\/\",\"name\":\"Week-end CANA - Test Pays\",\"isPartOf\":{\"@id\":\"https:\\\/\\\/test.chemin-neuf.mu\\\/fr\\\/#website\"},\"primaryImageOfPage\":{\"@id\":\"https:\\\/\\\/test.chemin-neuf.mu\\\/fr\\\/evenement\\\/weekend-cana\\\/#primaryimage\"},\"image\":{\"@id\":\"https:\\\/\\\/test.chemin-neuf.mu\\\/fr\\\/evenement\\\/weekend-cana\\\/#primaryimage\"},\"thumbnailUrl\":\"https:\\\/\\\/test.chemin-neuf.mu\\\/wp-content\\\/uploads\\\/2021\\\/09\\\/242036520_191244179773400_9132560388548858059_n.jpg\",\"datePublished\":\"2024-11-25T16:43:19+00:00\",\"dateModified\":\"2025-11-08T09:31:36+00:00\",\"description\":\"Th\u00e8me: \\\"Grandir en couple\\\"\",\"breadcrumb\":{\"@id\":\"https:\\\/\\\/test.chemin-neuf.mu\\\/fr\\\/evenement\\\/weekend-cana\\\/#breadcrumb\"},\"inLanguage\":\"fr\",\"potentialAction\":[{\"@type\":\"ReadAction\",\"target\":[\"https:\\\/\\\/test.chemin-neuf.mu\\\/fr\\\/evenement\\\/weekend-cana\\\/\"]}]},{\"@type\":\"ImageObject\",\"inLanguage\":\"fr\",\"@id\":\"https:\\\/\\\/test.chemin-neuf.mu\\\/fr\\\/evenement\\\/weekend-cana\\\/#primaryimage\",\"url\":\"https:\\\/\\\/test.chemin-neuf.mu\\\/wp-content\\\/uploads\\\/2021\\\/09\\\/242036520_191244179773400_9132560388548858059_n.jpg\",\"contentUrl\":\"https:\\\/\\\/test.chemin-neuf.mu\\\/wp-content\\\/uploads\\\/2021\\\/09\\\/242036520_191244179773400_9132560388548858059_n.jpg\",\"width\":1920,\"height\":886,\"caption\":\"1,2,3...CANA 2023\"},{\"@type\":\"BreadcrumbList\",\"@id\":\"https:\\\/\\\/test.chemin-neuf.mu\\\/fr\\\/evenement\\\/weekend-cana\\\/#breadcrumb\",\"itemListElement\":[{\"@type\":\"ListItem\",\"position\":1,\"name\":\"Home\",\"item\":\"https:\\\/\\\/test.chemin-neuf.mu\\\/fr\\\/\"},{\"@type\":\"ListItem\",\"position\":2,\"name\":\"Propositions\",\"item\":\"https:\\\/\\\/test.chemin-neuf.mu\\\/fr\\\/evenement\\\/\"},{\"@type\":\"ListItem\",\"position\":3,\"name\":\"Week-end CANA\"}]},{\"@type\":\"WebSite\",\"@id\":\"https:\\\/\\\/test.chemin-neuf.mu\\\/fr\\\/#website\",\"url\":\"https:\\\/\\\/test.chemin-neuf.mu\\\/fr\\\/\",\"name\":\"Test Pays\",\"description\":\"Site test pays bilingue\",\"potentialAction\":[{\"@type\":\"SearchAction\",\"target\":{\"@type\":\"EntryPoint\",\"urlTemplate\":\"https:\\\/\\\/test.chemin-neuf.mu\\\/fr\\\/?s={search_term_string}\"},\"query-input\":{\"@type\":\"PropertyValueSpecification\",\"valueRequired\":true,\"valueName\":\"search_term_string\"}}],\"inLanguage\":\"fr\"}]}<\/script>\n<!-- \/ Yoast SEO plugin. -->","yoast_head_json":{"title":"Week-end CANA - Test Pays","description":"Th\u00e8me: \"Grandir en couple\"","robots":{"index":"noindex","follow":"follow","max-snippet":"max-snippet:-1","max-image-preview":"max-image-preview:large","max-video-preview":"max-video-preview:-1"},"og_locale":"fr_FR","og_type":"article","og_title":"Week-end CANA - Test Pays","og_description":"Th\u00e8me: \"Grandir en couple\"","og_url":"https:\/\/test.chemin-neuf.mu\/fr\/evenement\/weekend-cana\/","og_site_name":"Test Pays","article_modified_time":"2025-11-08T09:31:36+00:00","og_image":[{"width":1920,"height":886,"url":"https:\/\/test.chemin-neuf.mu\/wp-content\/uploads\/2021\/09\/242036520_191244179773400_9132560388548858059_n.jpg","type":"image\/jpeg"}],"twitter_card":"summary_large_image","twitter_misc":{"Est. reading time":"4 minutes"},"schema":{"@context":"https:\/\/schema.org","@graph":[{"@type":"WebPage","@id":"https:\/\/test.chemin-neuf.mu\/fr\/evenement\/weekend-cana\/","url":"https:\/\/test.chemin-neuf.mu\/fr\/evenement\/weekend-cana\/","name":"Week-end CANA - Test Pays","isPartOf":{"@id":"https:\/\/test.chemin-neuf.mu\/fr\/#website"},"primaryImageOfPage":{"@id":"https:\/\/test.chemin-neuf.mu\/fr\/evenement\/weekend-cana\/#primaryimage"},"image":{"@id":"https:\/\/test.chemin-neuf.mu\/fr\/evenement\/weekend-cana\/#primaryimage"},"thumbnailUrl":"https:\/\/test.chemin-neuf.mu\/wp-content\/uploads\/2021\/09\/242036520_191244179773400_9132560388548858059_n.jpg","datePublished":"2024-11-25T16:43:19+00:00","dateModified":"2025-11-08T09:31:36+00:00","description":"Th\u00e8me: \"Grandir en couple\"","breadcrumb":{"@id":"https:\/\/test.chemin-neuf.mu\/fr\/evenement\/weekend-cana\/#breadcrumb"},"inLanguage":"fr","potentialAction":[{"@type":"ReadAction","target":["https:\/\/test.chemin-neuf.mu\/fr\/evenement\/weekend-cana\/"]}]},{"@type":"ImageObject","inLanguage":"fr","@id":"https:\/\/test.chemin-neuf.mu\/fr\/evenement\/weekend-cana\/#primaryimage","url":"https:\/\/test.chemin-neuf.mu\/wp-content\/uploads\/2021\/09\/242036520_191244179773400_9132560388548858059_n.jpg","contentUrl":"https:\/\/test.chemin-neuf.mu\/wp-content\/uploads\/2021\/09\/242036520_191244179773400_9132560388548858059_n.jpg","width":1920,"height":886,"caption":"1,2,3...CANA 2023"},{"@type":"BreadcrumbList","@id":"https:\/\/test.chemin-neuf.mu\/fr\/evenement\/weekend-cana\/#breadcrumb","itemListElement":[{"@type":"ListItem","position":1,"name":"Home","item":"https:\/\/test.chemin-neuf.mu\/fr\/"},{"@type":"ListItem","position":2,"name":"Propositions","item":"https:\/\/test.chemin-neuf.mu\/fr\/evenement\/"},{"@type":"ListItem","position":3,"name":"Week-end CANA"}]},{"@type":"WebSite","@id":"https:\/\/test.chemin-neuf.mu\/fr\/#website","url":"https:\/\/test.chemin-neuf.mu\/fr\/","name":"Test Pays","description":"Site test pays bilingue","potentialAction":[{"@type":"SearchAction","target":{"@type":"EntryPoint","urlTemplate":"https:\/\/test.chemin-neuf.mu\/fr\/?s={search_term_string}"},"query-input":{"@type":"PropertyValueSpecification","valueRequired":true,"valueName":"search_term_string"}}],"inLanguage":"fr"}]}},"_links":{"self":[{"href":"https:\/\/test.chemin-neuf.mu\/fr\/wp-json\/wp\/v2\/proposition\/64413","targetHints":{"allow":["GET"]}}],"collection":[{"href":"https:\/\/test.chemin-neuf.mu\/fr\/wp-json\/wp\/v2\/proposition"}],"about":[{"href":"https:\/\/test.chemin-neuf.mu\/fr\/wp-json\/wp\/v2\/types\/proposition"}],"version-history":[{"count":13,"href":"https:\/\/test.chemin-neuf.mu\/fr\/wp-json\/wp\/v2\/proposition\/64413\/revisions"}],"predecessor-version":[{"id":71372,"href":"https:\/\/test.chemin-neuf.mu\/fr\/wp-json\/wp\/v2\/proposition\/64413\/revisions\/71372"}],"wp:featuredmedia":[{"embeddable":true,"href":"https:\/\/test.chemin-neuf.mu\/fr\/wp-json\/wp\/v2\/media\/16677"}],"wp:attachment":[{"href":"https:\/\/test.chemin-neuf.mu\/fr\/wp-json\/wp\/v2\/media?parent=64413"}],"wp:term":[{"taxonomy":"prop-category","embeddable":true,"href":"https:\/\/test.chemin-neuf.mu\/fr\/wp-json\/wp\/v2\/prop-category?post=64413"},{"taxonomy":"prop-duration","embeddable":true,"href":"https:\/\/test.chemin-neuf.mu\/fr\/wp-json\/wp\/v2\/prop-duration?post=64413"}],"curies":[{"name":"wp","href":"https:\/\/api.w.org\/{rel}","templated":true}]}}